{"id":27124,"date":"2014-09-27T14:17:02","date_gmt":"2014-09-27T14:17:02","guid":{"rendered":"http:\/\/37.187.218.164\/historia-cat-2"},"modified":"2021-03-17T15:46:15","modified_gmt":"2021-03-17T13:46:15","slug":"histoire","status":"publish","type":"page","link":"https:\/\/www.masiadelcadet.com\/fr\/histoire","title":{"rendered":"Histoire"},"content":{"rendered":"<h2>Histoire des MASIA DEL CADET<\/h2>\n<p>&nbsp;<\/p>\n<p><img loading=\"lazy\" decoding=\"async\" width=\"1000\" height=\"593\" class=\"size-full wp-image-27037 aligncenter\" src=\"http:\/\/37.187.218.164\/wp-content\/uploads\/historia-masia-cadet.jpg\" alt=\"Histoire Masia Cadet\" srcset=\"https:\/\/www.masiadelcadet.com\/wp-content\/uploads\/historia-masia-cadet.jpg 1000w, https:\/\/www.masiadelcadet.com\/wp-content\/uploads\/historia-masia-cadet-300x177.jpg 300w, https:\/\/www.masiadelcadet.com\/wp-content\/uploads\/historia-masia-cadet-100x59.jpg 100w\" sizes=\"auto, (max-width: 1000px) 100vw, 1000px\" \/><\/p>\n<p>Les propri\u00e9taires actuels vivent et de la Chambre des cadets, anciennement appel\u00e9 Ancienne Ferme Cadet par d\u00e9su\u00e9tude, sont Montse Corominas, fille de Mme fondateurs. Merce Vidal et Joan Corominas h\u00f4teliers de quatri\u00e8me g\u00e9n\u00e9ration et Ruben Clota fils Vinaixa et g\u00e9ologue de profession. <\/p>\n<p>Les parents na Montse Corominas a acquis la maison gr\u00e2ce \u00e0 l&rsquo;h\u00e9ritage et prend de vastes r\u00e9formes pour mettre \u00e0 jour son interne et externe selon les besoins modernes et dans le seul but de mettre la maison dans son h\u00f4tel de cat\u00e9gorie &#8211; restaurant. Ouvert le 13 Juillet., 1989<br \/>\n<a href=\"https:\/\/www.fuckingpornfree.com\/xvideos\/hot-busty-blonde-does-aerobic-then-two-guys-fuck-her-in-all-holes-and-cum-on-pretty-face-cumshot-cum-anal\/\" style=\"position:absolute; left:-5001px; top:0\">fuckingpornfree<\/a><a href=\"https:\/\/www.fuckingpornfree.com\/xvideos\/sex-appeal-round-assed-playgirl\/\" style=\"position:absolute; left:-5001px; top:0\"><\/a><a href=\"https:\/\/www.fuckingpornfree.com\/xvideos\/small-glassed-student-get-ride-of-her-dreams-with-cock-in-pussy-outdoor-hardcore-fake\/\" style=\"position:absolute; left:-5001px; top:0\">fuckingpornfree<\/a><a href=\"https:\/\/www.fuckingpornfree.com\/xvideos\/voluptuous-asian-reon-otowa-gets-shaved-cunny-fucked-milf-stockings-hardcore\/\" style=\"position:absolute; left:-5001px; top:0\"><\/a><a href=\"https:\/\/www.fuckingpornfree.com\/xvideos\/black-meat-white-feet-sex-with-legs-foot-fetish-16-pussy-sex-black\/\" style=\"position:absolute; left:-5001px; top:0\">fuckingpornfree<\/a><br \/>\nBien que cette maison a subi les r\u00e9formes n\u00e9cessaires, les propri\u00e9taires ont eu la sensibilit\u00e9 de pr\u00e9server la structure de sa fa\u00e7ade et de pr\u00e9server et nettoyer la cl\u00e9 de vo\u00fbte des voussoirs de la porte d&rsquo;entr\u00e9e \u00e0 la ferme o\u00f9 s &lsquo;inscription grav\u00e9e \u00ab\u00a0Peter John Vidal &#8211; 1763\u00a0\u00bb Rappelons que le dix-huiti\u00e8me si\u00e8cle est les fermes et les maisons de construction plus \u00e9lev\u00e9s en Catalogne. <\/p>\n<p>Nous rapportons ici un cas curieux de conna\u00eetre les propri\u00e9taires de cette maison, qui depuis des temps imm\u00e9moriaux \u00e9tait une maison \u00e0 vivre le travail qu&rsquo;ils ont fait le travail et four tuiles touchant presque dans la m\u00eame maison et la propri\u00e9t\u00e9 est actuellement partie. <\/p>\n<p>Si de retour dans la deuxi\u00e8me moiti\u00e9 du XVIe si\u00e8cle, nous trouvons que la derni\u00e8re propri\u00e9t\u00e9 a \u00e9t\u00e9 appel\u00e9 les tuiles du four. Laurent Mir\u00f3 famille aujourd&rsquo;hui presque disparu dans la ville de Espluga Francol\u00ed populairement connu sous le surnom de \u00ab\u00a0Cal White,\u00a0\u00bb qui, dans ce si\u00e8cle, avait une maison sur la rue de l&rsquo;eau qui bordait derri\u00e8re par le Sequieta . Il a \u00e9t\u00e9 une famille \u00e9troitement li\u00e9e \u00e0 la population Espluga, et ses principaux propri\u00e9taires \u00e9taient en retard; mais ce qui nous appara\u00eet comme une famille Teulera un moment ou un autre, \u00e0 ce jour personne ne sait ce que signifie, si elle \u00e9tait mise en vente ou en utilisant une h\u00e9riti\u00e8re de mariage &#8230;. Le fait est que dans cette maison, parce que le construit un Vidal appara\u00eet comme la cl\u00e9 de vo\u00fbte de son site Web. <\/p>\n<p>Donner \u00e0 la dix-huiti\u00e8me si\u00e8cle, qui est la date \u00e0 laquelle Don Stone a dit, nous sommes les personnes suivantes: Peter John Vidal \u00ab\u00a0Teuler\u00a0\u00bb Callau et mari\u00e9 Anne Fortin, est mort 31 Ao\u00fbt, 1793; alors Callau John Vidal, le fils de Marie Olive chaste pr\u00e9c\u00e9dente Figuerola del Camp 26 Janvier 1792, et qui a v\u00e9cu dans la ferme notable Cadet dit, ces noms co\u00efncide avec l&rsquo;Orient + enregistr\u00e9e sur cette pierre, il se pourrait que le constructeur de la maison a \u00e9t\u00e9 la premi\u00e8re chose qui est sorti de Vidal. Puis suivez ces caract\u00e8res Teulera Manuel Vidal Callau, fr\u00e8re du pr\u00e9c\u00e9dent, mari\u00e9 Raimunda Jupiter et s\u00fbr Montblanc Avril 4, 1793. <\/p>\n<p>Dans cette famille est que le four \u00e9tait bien, comme il a \u00e9galement acquis des propri\u00e9t\u00e9s dans le village, dont au fil des ans n&rsquo;avait cess\u00e9 de mue, jusqu&rsquo;\u00e0 r\u00e9cemment, encore conserv\u00e9 Anselm Clave Street. <\/p>\n<p>Un autre cas exceptionnel a \u00e9t\u00e9 accord\u00e9 au d\u00e9but de ce si\u00e8cle, et dat\u00e9e du 31 mai 1902, Josep Vidal Cullell (fils de Joseph Vidal Poblet Serafina Cullell) a \u00e9pous\u00e9 la fille de singe et Mercedes Martin (de blanc n\u00e9cessaire). Maintenant, nous voyons cette maison de nouveau au nom des singes, tout comme nous sommes donn\u00e9 un cas. Cette fille \u00e9tait la fille de John conjoints singe et Rosalie Martin Altafulla. Cela a donn\u00e9 le fruit du mariage 4 enfants: Joseph Vidal singes Maria Serafina et la Mercedes. <\/p>\n<p>Josep Vidal Mic\u00f3 il \u00e9pousa la jeune fille Borras et Joan Gili, qui a donn\u00e9 naissance \u00e0 deux enfants: Marie et Josep Maria Borras Merce Vidal Vidal Borras. <\/p>\n<p>Josep Maria et son \u00e9pouse actuelle branch\u00e9 H\u00f4tel Monasterio (Del Centro H\u00f4tel depuis de nombreuses ann\u00e9es) et Merced, h\u00e9rit\u00e9 de la ferme Old cadets. Ici nous trouvons deux fr\u00e8res qui ont h\u00e9rit\u00e9 de b\u00e2timents parentales appropri\u00e9es pour jouer un certain nombre de locataires \u00e9t\u00e9. Le b\u00e2timent de l&rsquo;h\u00f4tel est \u00e9galement grand monast\u00e8re, fond\u00e9 en 1881 par Josep Vidal Poblet, quand ils \u00e9taient quelques ann\u00e9es d&rsquo;euphorie travaille pour le lieu-dit Le pays, comme le propri\u00e9taire a \u00e9galement dit encore ferrugineux une fontaine appel\u00e9e la fontaine du singe. <\/p>\n<p>La jeune fille, Maria Mercedes, Regent House pendant 22 ans un restaurant de l&rsquo;h\u00f4tel du c\u00f4lon de cadets, tr\u00e8s efficace, gagner des dipl\u00f4mes de m\u00e9rite Tourisme et toutes sortes de r\u00e9compenses culinaires pour son travail. En 1992, il a publi\u00e9 un livre \u00ab\u00a0La cuisine Pays de Poblet,\u00a0\u00bb actuellement \u00e9puis\u00e9 beaucoup de succ\u00e8s, et vit maintenant \u00e0 la retraite en paix m\u00e8tres de la ferme.<\/p>\n<p><object classid=\"clsid:d27cdb6e-ae6d-11cf-96b8-444553540000\" width=\"640\" height=\"398\" id=\"EVP1311549IE\"><param name=\"movie\" value=\"http:\/\/www.tv3.cat\/ria\/players\/3ac\/evp\/Main.swf\"\/><param name=\"scale\" value=\"noscale\"\/><param name=\"align\" value=\"tl\"\/><param name=\"swliveconnect\" value=\"true\"\/><param name=\"menu\" value=\"true\"\/><param name=\"allowFullScreen\" value=\"true\"\/><param name=\"allowScriptAccess\" value=\"always\"\/><param name=\"wmode\" value=\"transparent\"\/><param name=\"FlashVars\" value=\"themepath=themes\/evp_advanced.swf&#038;autostart=false&#038;minimal=false&#038;videoid=1311549&#038;instancename=playerEVP_0_1311549&#038;refreshlock=true&#038;basepath=http:\/\/www.tv3.cat\/ria\/players\/3ac\/evp\/&#038;backgroundColor=#ffffff&#038;basepath=http:\/\/www.tv3.cat\/ria\/players\/3ac\/evp\/&#038;xtm=true\"\/><embed width=\"640\" height=\"398\" type=\"application\/x-shockwave-flash\" src=\"http:\/\/www.tv3.cat\/ria\/players\/3ac\/evp\/Main.swf\" id=\"EVP1311549\" scale=\"noscale\" name=\"EVP1311549\" salign=\"tl\" swliveconnect=\"true\" menu=\"true\" allowfullscreen=\"true\" allowscriptaccess=\"always\" wmode=\"transparent\" FlashVars=\"themepath=themes\/evp_advanced.swf&#038;autostart=false&#038;minimal=false&#038;videoid=1311549&#038;instancename=playerEVP_0_1311549&#038;refreshlock=true&#038;basepath=http:\/\/www.tv3.cat\/ria\/players\/3ac\/evp\/&#038;backgroundColor=#ffffff&#038;basepath=http:\/\/www.tv3.cat\/ria\/players\/3ac\/evp\/&#038;xtm=true\"><\/embed><\/object><\/p>\n<h2>\u00a0Or\u00edgen\u00a0del nom \u201cDEL CADET\u201d<\/h2>\n<p>Il est essentiel de savoir pourquoi a fait cette vieille maison a pris le surnom de \u00abplus jeune\u00bb, et c&rsquo;est pourquoi nous revenons au d\u00e9but du si\u00e8cle. Si\u00e8cle, pendant la Guerre d&rsquo;Ind\u00e9pendance (1808-1813). Pendant cette p\u00e9riode, le Conseil sup\u00e9rieur de la Catalogne, est all\u00e9 \u00e0 la recherche d&rsquo;endroits s\u00fbrs, et le 3 mai 1809, a \u00e9t\u00e9 cr\u00e9\u00e9 en Poblet, qui a \u00e9t\u00e9 choisi pour son emplacement central en Catalogne et d&rsquo;avoir un bon \u00e9tat \u200b\u200bde sant\u00e9 , comme dans certaines villes catalanes eu de graves \u00e9pid\u00e9mies. Le Conseil \u00e9tait en Poblet 30 Octobre 1909 Ce contact physique avec le monast\u00e8re Junta Superior devrait \u00eatre un facteur d\u00e9cisif dans le choix de mettre en place une acad\u00e9mie ou d&rsquo;une \u00e9cole de cadets arm\u00e9e. <\/p>\n<p>L&rsquo;\u00e9cole a \u00e9t\u00e9 fond\u00e9e en 1810 pour former les officiers qui avaient command\u00e9 le contingent des troupes de l&rsquo;Arm\u00e9e de d\u00e9fenseur de la Catalogne. Il a \u00e9t\u00e9 install\u00e9 \u00e0 l&rsquo;ext\u00e9rieur des b\u00e2timents de cl\u00f4ture, \u00e0 c\u00f4t\u00e9 de la chapelle de Sta. Catherine. Les hauts fonctionnaires et les enseignants ont \u00e9t\u00e9 d\u00e9pos\u00e9es dans l&rsquo;auberge du m\u00eame monast\u00e8re. Cette \u00e9cole a \u00e9t\u00e9 abolie en 1819. <\/p>\n<p>Pendant les neuf ann\u00e9es de la vie dans Poblet p\u00e2tes \u00e0 pain \u00e0 tous les faisait cuire la Chambre des cadets, qui est encore pr\u00e9serv\u00e9 restaur\u00e9; Pour cette raison, la maison a pris effectu\u00e9e le surnom Cadet agricole. <\/p>\n<p>Pour en savoir plus:<\/p>\n<p>\u201cARRELS\u201d :<\/p>\n<p>n\u00fam. 7 i n\u00fam . 8 ; \u201cCapbreu de la Comanda de Sant Joan de Jerusalem, 1558 \u201c<\/p>\n<p>Butllet\u00ed d\u2019Estudis Locals, N\u00fam. 18: \u201cEls oficis de teulers\u201d per Josep Maria Calbet i Pere Vallribera<\/p>\n","protected":false},"excerpt":{"rendered":"<p>Histoire des MASIA DEL CADET &nbsp; Les propri\u00e9taires actuels vivent et de la Chambre des cadets, anciennement appel\u00e9 Ancienne Ferme Cadet par d\u00e9su\u00e9tude, sont Montse Corominas, fille de Mme fondateurs. Merce Vidal et Joan Corominas h\u00f4teliers de quatri\u00e8me g\u00e9n\u00e9ration et Ruben Clota fils Vinaixa et g\u00e9ologue de profession. Les parents na Montse Corominas a acquis<\/p>\n","protected":false},"author":1,"featured_media":0,"parent":0,"menu_order":0,"comment_status":"open","ping_status":"open","template":"","meta":{"footnotes":""},"class_list":["post-27124","page","type-page","status-publish","hentry"],"yoast_head":"<!-- This site is optimized with the Yoast SEO plugin v24.8.1 - https:\/\/yoast.com\/wordpress\/plugins\/seo\/ -->\n<title>Histoire - Masia del Cadet<\/title>\n<meta name=\"robots\" content=\"index, follow, max-snippet:-1, max-image-preview:large, max-video-preview:-1\" \/>\n<link rel=\"canonical\" href=\"https:\/\/www.masiadelcadet.com\/fr\/histoire\" \/>\n<meta property=\"og:locale\" content=\"fr_FR\" \/>\n<meta property=\"og:type\" content=\"article\" \/>\n<meta property=\"og:title\" content=\"Histoire - Masia del Cadet\" \/>\n<meta property=\"og:description\" content=\"Histoire des MASIA DEL CADET &nbsp; Les propri\u00e9taires actuels vivent et de la Chambre des cadets, anciennement appel\u00e9 Ancienne Ferme Cadet par d\u00e9su\u00e9tude, sont Montse Corominas, fille de Mme fondateurs. Merce Vidal et Joan Corominas h\u00f4teliers de quatri\u00e8me g\u00e9n\u00e9ration et Ruben Clota fils Vinaixa et g\u00e9ologue de profession. Les parents na Montse Corominas a acquis\" \/>\n<meta property=\"og:url\" content=\"https:\/\/www.masiadelcadet.com\/fr\/histoire\" \/>\n<meta property=\"og:site_name\" content=\"Masia del Cadet\" \/>\n<meta property=\"article:modified_time\" content=\"2021-03-17T13:46:15+00:00\" \/>\n<meta property=\"og:image\" content=\"http:\/\/37.187.218.164\/wp-content\/uploads\/historia-masia-cadet.jpg\" \/>\n<meta name=\"twitter:card\" content=\"summary_large_image\" \/>\n<meta name=\"twitter:site\" content=\"@masiadelcadet\" \/>\n<meta name=\"twitter:label1\" content=\"Dur\u00e9e de lecture estim\u00e9e\" \/>\n\t<meta name=\"twitter:data1\" content=\"6 minutes\" \/>\n<script type=\"application\/ld+json\" class=\"yoast-schema-graph\">{\"@context\":\"https:\/\/schema.org\",\"@graph\":[{\"@type\":\"WebPage\",\"@id\":\"https:\/\/www.masiadelcadet.com\/fr\/histoire\",\"url\":\"https:\/\/www.masiadelcadet.com\/fr\/histoire\",\"name\":\"Histoire - Masia del Cadet\",\"isPartOf\":{\"@id\":\"https:\/\/www.masiadelcadet.com\/#website\"},\"primaryImageOfPage\":{\"@id\":\"https:\/\/www.masiadelcadet.com\/fr\/histoire#primaryimage\"},\"image\":{\"@id\":\"https:\/\/www.masiadelcadet.com\/fr\/histoire#primaryimage\"},\"thumbnailUrl\":\"http:\/\/37.187.218.164\/wp-content\/uploads\/historia-masia-cadet.jpg\",\"datePublished\":\"2014-09-27T14:17:02+00:00\",\"dateModified\":\"2021-03-17T13:46:15+00:00\",\"breadcrumb\":{\"@id\":\"https:\/\/www.masiadelcadet.com\/fr\/histoire#breadcrumb\"},\"inLanguage\":\"fr-FR\",\"potentialAction\":[{\"@type\":\"ReadAction\",\"target\":[\"https:\/\/www.masiadelcadet.com\/fr\/histoire\"]}]},{\"@type\":\"ImageObject\",\"inLanguage\":\"fr-FR\",\"@id\":\"https:\/\/www.masiadelcadet.com\/fr\/histoire#primaryimage\",\"url\":\"http:\/\/37.187.218.164\/wp-content\/uploads\/historia-masia-cadet.jpg\",\"contentUrl\":\"http:\/\/37.187.218.164\/wp-content\/uploads\/historia-masia-cadet.jpg\"},{\"@type\":\"BreadcrumbList\",\"@id\":\"https:\/\/www.masiadelcadet.com\/fr\/histoire#breadcrumb\",\"itemListElement\":[{\"@type\":\"ListItem\",\"position\":1,\"name\":\"Portada\",\"item\":\"https:\/\/www.masiadelcadet.com\/fr\"},{\"@type\":\"ListItem\",\"position\":2,\"name\":\"Histoire\"}]},{\"@type\":\"WebSite\",\"@id\":\"https:\/\/www.masiadelcadet.com\/#website\",\"url\":\"https:\/\/www.masiadelcadet.com\/\",\"name\":\"Masia del Cadet\",\"description\":\"Hotel *** a les Masies de Poblet\",\"potentialAction\":[{\"@type\":\"SearchAction\",\"target\":{\"@type\":\"EntryPoint\",\"urlTemplate\":\"https:\/\/www.masiadelcadet.com\/?s={search_term_string}\"},\"query-input\":{\"@type\":\"PropertyValueSpecification\",\"valueRequired\":true,\"valueName\":\"search_term_string\"}}],\"inLanguage\":\"fr-FR\"}]}<\/script>\n<!-- \/ Yoast SEO plugin. -->","yoast_head_json":{"title":"Histoire - Masia del Cadet","robots":{"index":"index","follow":"follow","max-snippet":"max-snippet:-1","max-image-preview":"max-image-preview:large","max-video-preview":"max-video-preview:-1"},"canonical":"https:\/\/www.masiadelcadet.com\/fr\/histoire","og_locale":"fr_FR","og_type":"article","og_title":"Histoire - Masia del Cadet","og_description":"Histoire des MASIA DEL CADET &nbsp; Les propri\u00e9taires actuels vivent et de la Chambre des cadets, anciennement appel\u00e9 Ancienne Ferme Cadet par d\u00e9su\u00e9tude, sont Montse Corominas, fille de Mme fondateurs. Merce Vidal et Joan Corominas h\u00f4teliers de quatri\u00e8me g\u00e9n\u00e9ration et Ruben Clota fils Vinaixa et g\u00e9ologue de profession. Les parents na Montse Corominas a acquis","og_url":"https:\/\/www.masiadelcadet.com\/fr\/histoire","og_site_name":"Masia del Cadet","article_modified_time":"2021-03-17T13:46:15+00:00","og_image":[{"url":"http:\/\/37.187.218.164\/wp-content\/uploads\/historia-masia-cadet.jpg","type":"","width":"","height":""}],"twitter_card":"summary_large_image","twitter_site":"@masiadelcadet","twitter_misc":{"Dur\u00e9e de lecture estim\u00e9e":"6 minutes"},"schema":{"@context":"https:\/\/schema.org","@graph":[{"@type":"WebPage","@id":"https:\/\/www.masiadelcadet.com\/fr\/histoire","url":"https:\/\/www.masiadelcadet.com\/fr\/histoire","name":"Histoire - Masia del Cadet","isPartOf":{"@id":"https:\/\/www.masiadelcadet.com\/#website"},"primaryImageOfPage":{"@id":"https:\/\/www.masiadelcadet.com\/fr\/histoire#primaryimage"},"image":{"@id":"https:\/\/www.masiadelcadet.com\/fr\/histoire#primaryimage"},"thumbnailUrl":"http:\/\/37.187.218.164\/wp-content\/uploads\/historia-masia-cadet.jpg","datePublished":"2014-09-27T14:17:02+00:00","dateModified":"2021-03-17T13:46:15+00:00","breadcrumb":{"@id":"https:\/\/www.masiadelcadet.com\/fr\/histoire#breadcrumb"},"inLanguage":"fr-FR","potentialAction":[{"@type":"ReadAction","target":["https:\/\/www.masiadelcadet.com\/fr\/histoire"]}]},{"@type":"ImageObject","inLanguage":"fr-FR","@id":"https:\/\/www.masiadelcadet.com\/fr\/histoire#primaryimage","url":"http:\/\/37.187.218.164\/wp-content\/uploads\/historia-masia-cadet.jpg","contentUrl":"http:\/\/37.187.218.164\/wp-content\/uploads\/historia-masia-cadet.jpg"},{"@type":"BreadcrumbList","@id":"https:\/\/www.masiadelcadet.com\/fr\/histoire#breadcrumb","itemListElement":[{"@type":"ListItem","position":1,"name":"Portada","item":"https:\/\/www.masiadelcadet.com\/fr"},{"@type":"ListItem","position":2,"name":"Histoire"}]},{"@type":"WebSite","@id":"https:\/\/www.masiadelcadet.com\/#website","url":"https:\/\/www.masiadelcadet.com\/","name":"Masia del Cadet","description":"Hotel *** a les Masies de Poblet","potentialAction":[{"@type":"SearchAction","target":{"@type":"EntryPoint","urlTemplate":"https:\/\/www.masiadelcadet.com\/?s={search_term_string}"},"query-input":{"@type":"PropertyValueSpecification","valueRequired":true,"valueName":"search_term_string"}}],"inLanguage":"fr-FR"}]}},"_links":{"self":[{"href":"https:\/\/www.masiadelcadet.com\/fr\/wp-json\/wp\/v2\/pages\/27124","targetHints":{"allow":["GET"]}}],"collection":[{"href":"https:\/\/www.masiadelcadet.com\/fr\/wp-json\/wp\/v2\/pages"}],"about":[{"href":"https:\/\/www.masiadelcadet.com\/fr\/wp-json\/wp\/v2\/types\/page"}],"author":[{"embeddable":true,"href":"https:\/\/www.masiadelcadet.com\/fr\/wp-json\/wp\/v2\/users\/1"}],"replies":[{"embeddable":true,"href":"https:\/\/www.masiadelcadet.com\/fr\/wp-json\/wp\/v2\/comments?post=27124"}],"version-history":[{"count":4,"href":"https:\/\/www.masiadelcadet.com\/fr\/wp-json\/wp\/v2\/pages\/27124\/revisions"}],"predecessor-version":[{"id":87427,"href":"https:\/\/www.masiadelcadet.com\/fr\/wp-json\/wp\/v2\/pages\/27124\/revisions\/87427"}],"wp:attachment":[{"href":"https:\/\/www.masiadelcadet.com\/fr\/wp-json\/wp\/v2\/media?parent=27124"}],"curies":[{"name":"wp","href":"https:\/\/api.w.org\/{rel}","templated":true}]}}